{"id":167,"date":"2025-06-17T11:57:25","date_gmt":"2025-06-17T11:57:25","guid":{"rendered":"https:\/\/epoxymester.hu\/?page_id=167"},"modified":"2025-06-17T14:02:21","modified_gmt":"2025-06-17T14:02:21","slug":"about","status":"publish","type":"page","link":"https:\/\/epoxymester.hu\/?page_id=167","title":{"rendered":"About"},"content":{"rendered":"<p>[et_pb_section fb_built=&#8221;1&#8243; theme_builder_area=&#8221;post_content&#8221; _builder_version=&#8221;4.27.4&#8243; _module_preset=&#8221;default&#8221; global_colors_info=&#8221;{}&#8221; background_color=&#8221;RGBA(255,255,255,0)&#8221; hover_enabled=&#8221;0&#8243; sticky_enabled=&#8221;0&#8243;][et_pb_row _builder_version=&#8221;4.27.4&#8243; _module_preset=&#8221;default&#8221; theme_builder_area=&#8221;post_content&#8221;][et_pb_column _builder_version=&#8221;4.27.4&#8243; _module_preset=&#8221;default&#8221; type=&#8221;4_4&#8243; theme_builder_area=&#8221;post_content&#8221;][et_pb_text _builder_version=&#8221;4.27.4&#8243; _module_preset=&#8221;default&#8221; theme_builder_area=&#8221;post_content&#8221; hover_enabled=&#8221;0&#8243; sticky_enabled=&#8221;0&#8243;]<\/p>\n<p>\u00a0<span style=\"color: #000000;\">\u00dcdv\u00f6z\u00f6l\u00fcnk az Epoxy padl\u00f3k vil\u00e1g\u00e1ban!<\/span><\/p>\n<p><span style=\"color: #000000;\"><!-- divi:paragraph {\"className\":\"\"} --><\/span><\/p>\n<p><span style=\"color: #000000;\">K\u00e9t bar\u00e1t vagyunk, akik nem csak egyetemi \u00e9veiket osztj\u00e1k meg egym\u00e1ssal, hanem egy k\u00f6z\u00f6s szenved\u00e9lyt is: az <strong>egyedi epoxy padl\u00f3k vil\u00e1g\u00e1t<\/strong>.<\/span><span style=\"color: #000000;\"><!-- divi:paragraph {\"className\":\"\"} --><\/span><\/p>\n<p><span style=\"color: #000000;\">Egy apr\u00f3 \u00f6tlettel indult minden, majd m\u00e9lyebben bele\u00e1stuk magunkat a t\u00e9m\u00e1ba.J\u00f6ttek az \u00e9jszak\u00e1ba ny\u00fal\u00f3 oktat\u00f3vide\u00f3k elemz\u00e9sei, a hosszas kutat\u00f3munka, az anyagokkal val\u00f3 k\u00eds\u00e9rletez\u00e9s, \u00e9s a szakemberekkel val\u00f3 konzult\u00e1ci\u00f3, majd az els\u0151 sikeres padl\u00f3, amibe sz\u00f3 szerint beleszerett\u00fcnk. Az\u00f3ta nincs meg\u00e1ll\u00e1s. Minden egyes projekt\u00fcnket \u00fagy kezelj\u00fck, mintha a saj\u00e1t otthonunkba k\u00e9sz\u00edten\u00e9nk.<\/span><span style=\"color: #000000;\"><!-- \/divi:paragraph --><\/span><span style=\"color: #000000;\"><!-- divi:paragraph {\"className\":\"\"} --><\/span><\/p>\n<p><span style=\"color: #000000;\">Sz\u00e1munkra ez t\u00f6bb, mint munka \u2013 <strong>ez alkot\u00e1s, \u00f6nkifejez\u00e9s, \u00e9s egy kis var\u00e1zslat<\/strong> minden egyes r\u00e9tegben. Im\u00e1djuk l\u00e1tni \u00fcgyfeleink arc\u00e1n azt a pillanatot, amikor el\u0151sz\u00f6r megl\u00e1tj\u00e1k a k\u00e9sz padl\u00f3t. Ez az, ami\u00e9rt csin\u00e1ljuk.<\/span><span style=\"color: #000000;\"><!-- \/divi:paragraph --><\/span><span style=\"color: #000000;\"><!-- divi:paragraph --><\/span><\/p>\n<p><span style=\"color: #000000;\"><strong>A legmagasabb min\u0151s\u00e9g\u0171 alapanyagokkal \u00e9s prec\u00edz kivitelez\u00e9ssel dolgozunk.<\/strong> Minden egyes projekt sz\u00e1munkra k\u00fcl\u00f6n t\u00f6rt\u00e9net \u2013 mert tudjuk, hogy minden \u00fcgyf\u00e9l m\u00e1s, \u00e9s mindenkinek m\u00e1s az \u00e1lma.<\/span><span style=\"color: #000000;\"><!-- \/divi:paragraph --><\/span><span style=\"color: #000000;\"><!-- divi:paragraph {\"className\":\"\"} --><\/span><\/p>\n<p><span style=\"color: #000000;\">Ha valami k\u00fcl\u00f6nlegeset keresel \u2013 olyat, ami t\u00e9nyleg t\u00fckr\u00f6zi a st\u00edlusod \u2013 j\u00f3 helyen j\u00e1rsz. N\u00e1lunk nem sablonokat kapsz, hanem <strong>egyedit, min\u0151s\u00e9git \u00e9s sz\u00edvb\u0151l j\u00f6v\u0151t.<\/strong><\/span><span style=\"color: #000000;\"><!-- divi:paragraph {\"className\":\"\"} --><\/span><span style=\"color: #000000;\"><!-- \/divi:paragraph --><\/span><\/p>\n<p><span style=\"color: #000000;\">L\u00e9pjen vel\u00fcnk kapcsolatba, sz\u00edvesen konzult\u00e1lunk \u00f6nnel az elk\u00e9pzel\u00e9seir\u0151l.<\/span><\/p>\n<p><span style=\"color: #000000;\"><!-- \/divi:list --><\/span><\/p>\n<p><span style=\"color: #000000;\"><!-- divi:paragraph {\"className\":\"\"} --><\/span><\/p>\n<p><span style=\"color: #000000;\">\u2705 <strong>Mindenki sz\u00e1m\u00e1ra el\u00e9rhet\u0151 \u00e1rak<\/strong><\/span><br \/><span style=\"color: #000000;\">Min\u0151s\u00e9gi padl\u00f3megold\u00e1s pr\u00e9mium megjelen\u00e9ssel, megfizethet\u0151 \u00e1ron.<\/span><\/p>\n<p><span style=\"color: #000000;\"><!-- \/divi:paragraph --><\/span><\/p>\n<p><span style=\"color: #000000;\"><\/span><\/p>\n<p><span style=\"color: #000000;\">\u2705 <strong>Garanci\u00e1t v\u00e1llalunk munk\u00e1inkra<\/strong><\/span><br \/><span style=\"color: #000000;\">Biztos lehetsz benne, hogy amit mi elk\u00e9sz\u00edt\u00fcnk, az tart\u00f3s is marad.<\/span><\/p>\n<p><span style=\"color: #000000;\"><!-- \/divi:paragraph --><\/span><\/p>\n<p><span style=\"color: #000000;\"><!-- divi:paragraph {\"className\":\"\"} --><\/span><\/p>\n<p><span style=\"color: #000000;\">\u2705 <strong>Kiemelked\u0151 \u00fcgyf\u00e9lszolg\u00e1lat<\/strong><\/span><br \/><span style=\"color: #000000;\">Gyors v\u00e1laszid\u0151, seg\u00edt\u0151k\u00e9sz csapat, maxim\u00e1lis odafigyel\u00e9s.<\/span><\/p>\n<p><span style=\"color: #000000;\"><!-- \/divi:paragraph --><\/span><\/p>\n<p><span style=\"color: #000000;\"><!-- divi:paragraph {\"className\":\"\"} --><\/span><\/p>\n<p><span style=\"color: #000000;\">\u2705 <strong>Sz\u00e1munkra nincs probl\u00e9ma<\/strong>, csak megoldand\u00f3 feladat.<\/span><br \/><span style=\"color: #000000;\">Kiz\u00e1r\u00f3lag az \u00fcgyfelek el\u00e9gedetts\u00e9ge a legfontosabb. Mindent addig csiszolunk, m\u00edg t\u00f6k\u00e9letes nem lesz.<\/span><\/p>\n<p><span style=\"color: #000000;\"><!-- \/divi:paragraph --><\/span><\/p>\n<p><span style=\"color: #000000;\"><!-- divi:paragraph {\"className\":\"\"} --><\/span><\/p>\n<p><span style=\"color: #000000;\">\u2705 <strong>Minden munkater\u00fclet biztos\u00edtva van<\/strong><\/span><br \/><span style=\"color: #000000;\">Felel\u0151ss\u00e9ggel dolgozunk \u2013 minden projekt\u00fcnk m\u00f6g\u00f6tt biztos\u00edt\u00e1s \u00e1ll.<\/span><\/p>\n<p><span style=\"color: #000000;\"><!-- \/divi:paragraph --><\/span><\/p>\n<p><span style=\"color: #000000;\"><!-- divi:paragraph {\"className\":\"\"} --><\/span><\/p>\n<p><span style=\"color: #000000;\">\u2705 <strong>Rugalmass\u00e1g a kivitelez\u00e9sben<\/strong><\/span><br \/><span style=\"color: #000000;\">Alkalmazkodunk az id\u0151beoszt\u00e1sodhoz \u2013 ak\u00e1r h\u00e9tv\u00e9gi vagy esti munkav\u00e9gz\u00e9ssel is.<\/span><\/p>\n<p><span style=\"color: #000000;\"><!-- \/divi:paragraph --><\/span><\/p>\n<p><span style=\"color: #000000;\"><!-- divi:paragraph {\"className\":\"\"} --><\/span><\/p>\n<p><span style=\"color: #000000;\">\u2705 <strong>Modern technol\u00f3gia \u00e9s pr\u00e9mium anyagok<\/strong><\/span><br \/><span style=\"color: #000000;\">Nem k\u00f6t\u00fcnk kompromisszumot \u2013 csakis a legjobbal dolgozunk.<\/span><\/p>\n<p><span style=\"color: #000000;\"><!-- \/divi:paragraph --><\/span><\/p>\n<p><span style=\"color: #000000;\"><!-- divi:paragraph {\"fontSize\":\"lead\"} --><\/span><\/p>\n<p class=\"has-lead-font-size\"><span style=\"color: #000000;\"><strong>L\u00e9pjen vel\u00fcnk kapcsolatba:<\/strong> epoxymester@gmail.com<\/span><\/p>\n<p>&nbsp;<\/p>\n<p><span style=\"color: #000000;\"><!-- \/divi:paragraph --><\/span><\/p>\n<p><span style=\"color: #000000;\">\u00a0<\/span><\/p>\n<p>&nbsp;<\/p>\n<p><span style=\"color: #000000;\"><!-- divi:paragraph --><\/span><\/p>\n<p><span style=\"color: #000000;\">\u00a0<\/span><\/p>\n<p>&nbsp;<\/p>\n<p><span style=\"color: rgba(255, 255, 255, 0);\"><!-- \/divi:paragraph --><\/span><\/p>\n<p>[\/et_pb_text][\/et_pb_column][\/et_pb_row][\/et_pb_section]<\/p>\n","protected":false},"excerpt":{"rendered":"<p>\u00a0\u00dcdv\u00f6z\u00f6l\u00fcnk az Epoxy padl\u00f3k vil\u00e1g\u00e1ban! K\u00e9t bar\u00e1t vagyunk, akik nem csak egyetemi \u00e9veiket osztj\u00e1k meg egym\u00e1ssal, hanem egy k\u00f6z\u00f6s szenved\u00e9lyt is: az egyedi epoxy padl\u00f3k vil\u00e1g\u00e1t. Egy apr\u00f3 \u00f6tlettel indult minden, majd m\u00e9lyebben bele\u00e1stuk magunkat a t\u00e9m\u00e1ba.J\u00f6ttek az \u00e9jszak\u00e1ba ny\u00fal\u00f3 oktat\u00f3vide\u00f3k elemz\u00e9sei, a hosszas kutat\u00f3munka, az anyagokkal val\u00f3 k\u00eds\u00e9rletez\u00e9s, \u00e9s a szakemberekkel val\u00f3 konzult\u00e1ci\u00f3, majd [&hellip;]<\/p>\n","protected":false},"author":2,"featured_media":0,"parent":0,"menu_order":0,"comment_status":"closed","ping_status":"closed","template":"","meta":{"_et_pb_use_builder":"on","_et_pb_old_content":"","_et_gb_content_width":"","footnotes":""},"class_list":["post-167","page","type-page","status-publish","hentry"],"_links":{"self":[{"href":"https:\/\/epoxymester.hu\/index.php?rest_route=\/wp\/v2\/pages\/167","targetHints":{"allow":["GET"]}}],"collection":[{"href":"https:\/\/epoxymester.hu\/index.php?rest_route=\/wp\/v2\/pages"}],"about":[{"href":"https:\/\/epoxymester.hu\/index.php?rest_route=\/wp\/v2\/types\/page"}],"author":[{"embeddable":true,"href":"https:\/\/epoxymester.hu\/index.php?rest_route=\/wp\/v2\/users\/2"}],"replies":[{"embeddable":true,"href":"https:\/\/epoxymester.hu\/index.php?rest_route=%2Fwp%2Fv2%2Fcomments&post=167"}],"version-history":[{"count":2,"href":"https:\/\/epoxymester.hu\/index.php?rest_route=\/wp\/v2\/pages\/167\/revisions"}],"predecessor-version":[{"id":210,"href":"https:\/\/epoxymester.hu\/index.php?rest_route=\/wp\/v2\/pages\/167\/revisions\/210"}],"wp:attachment":[{"href":"https:\/\/epoxymester.hu\/index.php?rest_route=%2Fwp%2Fv2%2Fmedia&parent=167"}],"curies":[{"name":"wp","href":"https:\/\/api.w.org\/{rel}","templated":true}]}}